{"id":46,"date":"2023-06-22T09:35:31","date_gmt":"2023-06-22T09:35:31","guid":{"rendered":"https:\/\/neuroedubrasil.com\/2023\/?page_id=46"},"modified":"2023-07-01T07:39:56","modified_gmt":"2023-07-01T07:39:56","slug":"programacao","status":"publish","type":"page","link":"https:\/\/neuroedubrasil.com\/2023\/programacao\/","title":{"rendered":"Programa\u00e7\u00e3o"},"content":{"rendered":"\n<p style=\"font-size:29px\"><strong>8:30h &#8211;<\/strong> <strong>Abre as portas do Centro de Conven\u00e7\u00f5es da UNICAMP<\/strong><\/p>\n\n\n\n<p style=\"font-size:29px\"><strong>9:00h<\/strong> &#8211; <strong>Recep\u00e7\u00e3o<\/strong><\/p>\n\n\n\n<p style=\"font-size:29px\"><strong>9:15-9:30h<\/strong> &#8211; <strong>Abertura:<\/strong> L\u00edlia de Souza Li<\/p>\n\n\n\n<p style=\"font-size:29px\"><strong>9:30-10:00h<\/strong> &#8211; <strong>Palestra de abertura: <\/strong>Um caminho para a paz: transformando culturas escolares &#8211; Alessandra Gaidargi<\/p>\n\n\n\n<p><em>Moderador: <strong>L\u00edlia de Souza Li<\/strong><\/em><\/p>\n\n\n\n<p><em>Palestrante:<\/em><\/p>\n\n\n\n<p><strong>Alessandra Gaidargi<\/strong> <\/p>\n\n\n\n<figure class=\"wp-block-table\"><table style=\"border: none;\"><tbody><tr><td style=\"width: 125px; border: none;\"><img decoding=\"async\" src=\"https:\/\/neuroedubrasil.com\/2023\/wp-content\/uploads\/2023\/06\/ale.jpg\" alt=\"Alessandra Gaidargi\" style=\"width: 250px;\"><\/td><td style=\"border: none;\">Alessandra Gaidargi \u00e9 Professora Doutora, pedagoga, jornalista e qu\u00edmica. Atuante nas \u00e1reas de Educa\u00e7\u00e3o, Neuroci\u00eancia e Pesquisa, P\u00f3s Doutora em Culturas de Paz na Educa\u00e7\u00e3o. Especialista em Neuroeduca\u00e7\u00e3o. Atualmente dedica-se a pesquisas em Educa\u00e7\u00e3o Dial\u00f3gica, Culturas de Paz, Alimenta\u00e7\u00e3o e Cultura, Educa\u00e7\u00e3o e Tecnologias. Participa do Grupo de Pesquisa Justi\u00e7a Dial\u00f3gica (GRUPJUS) e contribui com a rede Pedagogia da Virtualidade. Autora de sete t\u00edtulos na \u00e1rea de educa\u00e7\u00e3o escolar e familiar, sendo seu \u00faltimo lan\u00e7amento Pedagogia da Paz, que em uma de suas vers\u00f5es integra o conjunto Estudos Freirianos do Conselho Mundial do IPF. Representou o Brasil em encontros no World Peace Forum (WPF) de Berkeley em 2020 e no World Social Forum (WSF) em 2021.<\/td><\/tr><\/tbody><\/table><\/figure>\n\n\n\n<p style=\"font-size:29px\"><strong>10-12h &#8211; Mesa redonda: <\/strong>Uso do M\u00e9todo Mandalas das Emo\u00e7\u00f5es\u00ae no ambiente escolar para melhora das habilidades socioemocionais<\/p>\n\n\n\n<p><em>Moderador: <strong>Li Li Min<\/strong><\/em><\/p>\n\n\n\n<p><em>Debatedores:<\/em><\/p>\n\n\n\n<p><strong>Li Hiu Ling<\/strong> (Mandalas das Emo\u00e7\u00f5es\u00ae: agente transformador na rede municipal de Salto-SP)<\/p>\n\n\n\n<figure class=\"wp-block-table\"><table style=\"border: none;\"><tbody><tr><td style=\"width: 120px; border: none;\"><img decoding=\"async\" src=\"https:\/\/neuroedubrasil.com\/2023\/wp-content\/uploads\/2023\/06\/min.jpg\" alt=\"Li Hiu Ling\" style=\"width: 120px;\"><\/td><td style=\"border: none;\">Li Hiu Ling \u00e9 M\u00e9dica graduada pela Universidade Federal do Paran\u00e1 ( UFPR), com p\u00f3s-gradua\u00e7\u00e3o em Medicina Tradicional Chinesa ( M.T.C). \u00c9 presidente  da ASPE( Assist\u00eancia \u00e0 Sa\u00fade de Pacientes com Epilepsia) a \u00f3rg\u00e3o executora da Campanha Global Epilepsia Fora das Sombras. Criadora do m\u00e9todo Mandalas das Emo\u00e7\u00f5es \u00ae\ufe0f. Escritora da l\u00edngua chinesa Mandarim e portugu\u00eas infantoJuvenil.<\/td><\/tr><\/tbody><\/table><\/figure>\n\n\n\n<p><strong>Anna Christina Noronha<\/strong> e <strong>Patr\u00edcia Gabriela Della Vecchia<\/strong> (O trabalho da coordena\u00e7\u00e3o pedag\u00f3gica na aplica\u00e7\u00e3o do m\u00e9todo Mandalas das Emo\u00e7\u00f5es\u00ae)<\/p>\n\n\n\n<figure class=\"wp-block-table\"><table style=\"border: none;\"><tbody><tr><td style=\"border: none; width: 120px;\"><img decoding=\"async\" src=\"https:\/\/neuroedubrasil.com\/2023\/wp-content\/uploads\/2023\/06\/anna.jpg\" alt=\"Anna Christina Noronha\" style=\"width: 120px;\"><\/td><td style=\"border: none;\">Anna Christina Noronha iniciou sua carreira profissional aos 15 anos de idade, trabalhando como auxiliar de classe na extinta Escola de Educa\u00e7\u00e3o Infantil Catatau. Em 14 de mar\u00e7o de 1994 ingressou como Professora da Educa\u00e7\u00e3o Infantil na Prefeitura da Est\u00e2ncia Tur\u00edstica de Salto, passando pelos cargos de Coordenadora Pedag\u00f3gica, Assistente de Dire\u00e7\u00e3o e de 2005 a 2020 como Diretora de Escola, sendo os \u00faltimos 13 anos no Centro de Educa\u00e7\u00e3o Municipal de Salto \u2013 CEMUS XI \u201cProfessora L\u00e1zara Maria Lara Begossi\u201d. Sua habilita\u00e7\u00e3o espec\u00edfica de segundo grau foi o magist\u00e9rio na Escola Estadual Professora Leonor Fernandes da Silva. Fez Faculdade de Jornalismo na UNIMEP \u2013 Universidade Metodista de Piracicaba e tamb\u00e9m formada em Pedagogia, com habilita\u00e7\u00e3o em Administra\u00e7\u00e3o Escolar pelo Centro Universit\u00e1rio Nossa Senhora do Patroc\u00ednio. P\u00f3s-Graduada em Educa\u00e7\u00e3o Infantil, pela Universidade Castelo Branco. J\u00e1 foi Presidente do Conselho Municipal de Educa\u00e7\u00e3o e faz parte do Projeto Mira\u00ed em parceria com o Rotary Clube Moutonn\u00e9e. A Educa\u00e7\u00e3o \u00e9 sua grande paix\u00e3o e continuar\u00e1 trabalhando por esse ideal.<\/td><\/tr><\/tbody><\/table><\/figure>\n\n\n\n<figure class=\"wp-block-table\"><table style=\"border: none;\"><tbody><tr><td style=\"border: none; width: 120px;\"><img decoding=\"async\" src=\"https:\/\/neuroedubrasil.com\/2023\/wp-content\/uploads\/2023\/06\/patricia.jpg\" alt=\"Patr\u00edcia Gabriela Della Vecchia\" style=\"width: 120px;\"><\/td><td style=\"border: none;\">Patr\u00edcia Gabriela Della Vecchia \u00e9 Psic\u00f3loga Escolar e Cl\u00ednica, p\u00f3s-graduada em Tema Transversais pelo IFSP, trabalha como psic\u00f3loga escolar desde 2011 na Secret\u00e1ria de Educa\u00e7\u00e3o da Prefeitura da Est\u00e2ncia Tur\u00edstica de Salto\/SP. Trabalha com o M\u00e9todo Mandala das Emo\u00e7\u00f5es\u00ae desde 2019 na rede de ensino municipal da Est\u00e2ncia Tur\u00edstica de Salto\/SP.<\/td><\/tr><\/tbody><\/table><\/figure>\n\n\n\n<p><strong>Valdete Corn\u00e9lio de Oliveira<\/strong>, <strong>Elza Ribeiro Espirito Santo da Silva<\/strong> e <strong>Sandra Mendon\u00e7a Barbosa<\/strong> (Mandalas das Emo\u00e7\u00f5es\u00ae para melhora das habilidades socioemocionais e inclus\u00e3o escolar na educa\u00e7\u00e3o infantil da Escola municipal CEMUS 9)<\/p>\n\n\n\n<figure class=\"wp-block-table\"><table style=\"border: none;\"><tbody><tr><td style=\"width: 125px;border: none;\"><img decoding=\"async\" src=\"https:\/\/neuroedubrasil.com\/2023\/wp-content\/uploads\/2023\/06\/valdete.jpg\" alt=\"Valdete Corn\u00e9lio\" style=\"width: 125px;\"><\/td><td style=\"border: none;\">Valdete Corn\u00e9lio de Oliveira \u00e9 Pedagoga e a formadora do ensino fundamental I da Rede Municipal de Salto\/SP<\/td><\/tr><\/tbody><\/table><\/figure>\n\n\n\n<figure class=\"wp-block-table\"><table style=\"border: none;\"><tbody><tr><td style=\"width: 125px;border: none;\"><img decoding=\"async\" src=\"https:\/\/neuroedubrasil.com\/2023\/wp-content\/uploads\/2023\/06\/elza.jpg\" alt=\"Elza Ribeiro Espirito Santo da Silva\" style=\"width: 125px;\"><\/td><td style=\"border: none;\">Elza Ribeiro Espirito Santo da Silva \u00e9 Professora da Escola Municipal  Cemus 9, Salto \/SP<\/td><\/tr><\/tbody><\/table><\/figure>\n\n\n\n<figure class=\"wp-block-table\"><table style=\"border: none;\"><tbody><tr><td style=\"width: 125px;border: none;\"><img decoding=\"async\" src=\"https:\/\/neuroedubrasil.com\/2023\/wp-content\/uploads\/2023\/06\/sandra.jpg\" alt=\"Sandra Mendon\u00e7a Barbosa\" style=\"width: 125px;\"><\/td><td style=\"border: none;\">Sandra Mendon\u00e7a Barbosa \u00e9 Professora da Escola Municipal Cemus 9, Salto \/SP<\/td><\/tr><\/tbody><\/table><\/figure>\n\n\n\n<p><strong>Elaine Cristina Chiacherini Ferreira<\/strong>, <strong>Roseli Mansolelli Nakagawa<\/strong> e <strong>Jana\u00edna Zabicki Mascot<\/strong> (Mandalas das Emo\u00e7\u00f5es\u00ae na educa\u00e7\u00e3o infantil da Escola municipal CEMUS XV)<\/p>\n\n\n\n<figure class=\"wp-block-table\"><table style=\"border: none;\"><tbody><tr><td style=\"width: 125px;border: none;\"><img decoding=\"async\" src=\"https:\/\/neuroedubrasil.com\/2023\/wp-content\/uploads\/2023\/06\/elaine.jpg\" alt=\"Elaine Cristina Chiacherini Ferreira\" style=\"width: 125px;\"><\/td><td style=\"border: none;\">Elaine Cristina Chiacherini Ferreira \u00e9 Pedagogia,  Psicopedagoga, Arteterapia, do Ensino Infantil Cemus XV, Salto\/SP<\/td><\/tr><\/tbody><\/table><\/figure>\n\n\n\n<figure class=\"wp-block-table\"><table style=\"border: none;\"><tbody><tr><td style=\"width: 125px;border: none;\"><img decoding=\"async\" src=\"https:\/\/neuroedubrasil.com\/2023\/wp-content\/uploads\/2023\/06\/roseli.jpg\" alt=\"Roseli Mansolelli Nakagawa\" style=\"width: 125px;\"><\/td><td style=\"border: none;\">Roseli Mansolelli Nakagawa \u00e9 Pedagoga, Arteterapia, Ensino Infantil Cemus XV, Salto\/SP<\/td><\/tr><\/tbody><\/table><\/figure>\n\n\n\n<figure class=\"wp-block-table\"><table style=\"border: none;\"><tbody><tr><td style=\"width: 125px;border: none;\"><img decoding=\"async\" src=\"https:\/\/neuroedubrasil.com\/2023\/wp-content\/uploads\/2023\/06\/janaina.jpg\" alt=\"Jana\u00edna Zabicki Mascot\" style=\"width: 125px;\"><\/td><td style=\"border: none;\">Jana\u00edna Zabicki Mascot \u00e9 Professora de Ensino Infantil Cemus XV , Salto\/SP<\/td><\/tr><\/tbody><\/table><\/figure>\n\n\n\n<p><strong>Gl\u00e1ucia Cristiane Teixeira<\/strong> e <strong>Teresa Cristina Adami Latuf Ayres<\/strong> (Dialogando com as emo\u00e7\u00f5es e cuidando de quem cuida)<\/p>\n\n\n\n<figure class=\"wp-block-table\"><table style=\"border: none;\"><tbody><tr><td style=\"width: 125px;border: none;\"><img decoding=\"async\" src=\"https:\/\/neuroedubrasil.com\/2023\/wp-content\/uploads\/2023\/06\/glaucia.jpg\" alt=\"Gl\u00e1ucia Cristiane Teixeira\" style=\"width: 125px;\"><\/td><td style=\"border: none;\">Gl\u00e1ucia Cristiane Teixeira \u00e9 Formada em Matem\u00e1tica com \u00eanfase em Inform\u00e1tica pela Universidade S\u00e3o Judas Tadeu. Formada em Pedagogia pela Univove<\/td><\/tr><\/tbody><\/table><\/figure>\n\n\n\n<figure class=\"wp-block-table\"><table style=\"border: none;\"><tbody><tr><td style=\"width: 125px;border: none;\"><img decoding=\"async\" src=\"https:\/\/neuroedubrasil.com\/2023\/wp-content\/uploads\/2023\/06\/teresa.jpg\" alt=\"Teresa Cristina Adami Latuf Ayres\" style=\"width: 125px;\"><\/td><td style=\"border: none;\">Teresa Cristina Adami Latuf Ayres \u00e9 Pedagoga, supervisora da Secretaria de Educa\u00e7\u00e3o do Estado de S\u00e3o Paulo<\/td><\/tr><\/tbody><\/table><\/figure>\n\n\n\n<p style=\"font-size:29px\"><strong>12-13h &#8211; Intervalo de almo\u00e7o<\/strong><\/p>\n\n\n\n<p style=\"font-size:29px\"><strong>13-14h &#8211; Apresenta\u00e7\u00e3o de posters<\/strong><\/p>\n\n\n\n<p style=\"font-size:29px\"><strong>14-14:30h &#8211; Apresenta\u00e7\u00e3o oral de trabalhos<\/strong><\/p>\n\n\n\n<p style=\"font-size:29px\"><strong>14:30 &#8211; 16:30h Mesa redonda:<\/strong> Viol\u00eancia na escola<\/p>\n\n\n\n<p>Moderadora: <Strong>L\u00edlia de Souza Li<\/strong><\/p>\n\n\n\n<p><em>Debatedores (20 minutos para apresentar temas)<\/em>:<\/p>\n\n\n\n<p><strong>Promotor de justi\u00e7a Dr. Rodrigo Oliveira<\/strong><\/p>\n\n\n\n<figure class=\"wp-block-table\"><table style=\"border: none;\"><tbody><tr><td style=\"width: 125px; border: none;\"><img decoding=\"async\" src=\"https:\/\/neuroedubrasil.com\/2023\/wp-content\/uploads\/2023\/06\/rodrigo.jpg\" alt=\"Rodrigo Oliveira\" style=\"width: 650px;\"><\/td><td style=\"border: none;\">Promotor de Justi\u00e7a da Inf\u00e2ncia e da Juventude de Campinas. Nascido em Pirassununga-SP, casado com a prof. V\u00e2nia e pai de um filho, Thiago. Ingressou no Minist\u00e9rio P\u00fablico do Estado de S\u00e3o Paulo em 1994, tendo trabalhado, como Promotor titular, nas Comarcas de Mirand\u00f3polis, Moji-Mirim e Americana, antes de se remover para Campinas. Graduou-se em Direito na PUC-Campinas em 1991, sendo Especialista em Processo Civil pela mesma Universidade e Mestre em Direito Penal pela Unimep. Autor do livro &#8220;O adolescente infrator em face da doutrina da prote\u00e7\u00e3o integral&#8221;. Ministrou aulas no curso de Direito da FAM e na extens\u00e3o universit\u00e1ria da PUC-Campinas. Participou da monitoria da ESMP, na \u00e1rea da inf\u00e2ncia e da Juventude, aos Promotores de Justi\u00e7a que ingressaram na carreira no ano de 2023.<\/td><\/tr><\/tbody><\/table><\/figure>\n\n\n\n<p><strong>Professora Dra. Alessandra Gaidargi<\/strong><\/p>\n\n\n\n<figure class=\"wp-block-table\"><table style=\"border: none;\"><tbody><tr><td style=\"width: 125px; border: none;\"><img decoding=\"async\" src=\"https:\/\/neuroedubrasil.com\/2023\/wp-content\/uploads\/2023\/06\/ale.jpg\" alt=\"Alessandra Gaidargi\" style=\"width: 250px;\"><\/td><td style=\"border: none;\">Professora Doutora, pedagoga, jornalista e qu\u00edmica. Atuante nas \u00e1reas de Educa\u00e7\u00e3o, Neuroci\u00eancia e Pesquisa, P\u00f3s Doutora em Culturas de Paz na Educa\u00e7\u00e3o. Especialista em Neuroeduca\u00e7\u00e3o. Atualmente dedica-se a pesquisas em Educa\u00e7\u00e3o Dial\u00f3gica, Culturas de Paz, Alimenta\u00e7\u00e3o e Cultura, Educa\u00e7\u00e3o e Tecnologias. Participa do Grupo de Pesquisa Justi\u00e7a Dial\u00f3gica (GRUPJUS) e contribui com a rede Pedagogia da Virtualidade. Autora de sete t\u00edtulos na \u00e1rea de educa\u00e7\u00e3o escolar e familiar, sendo seu \u00faltimo lan\u00e7amento Pedagogia da Paz, que em uma de suas vers\u00f5es integra o conjunto Estudos Freirianos do Conselho Mundial do IPF. Representou o Brasil em encontros no World Peace Forum (WPF) de Berkeley em 2020 e no World Social Forum (WSF) em 2021.<\/td><\/tr><\/tbody><\/table><\/figure>\n\n\n\n<p><strong>Professora Dra. Telma Vinha<\/strong><\/p>\n\n\n\n<figure class=\"wp-block-table\"><table style=\"border: none;\"><tbody><tr><td style=\"width: 125px; border: none;\"><img decoding=\"async\" src=\"https:\/\/neuroedubrasil.com\/2023\/wp-content\/uploads\/2023\/06\/telma.jpg\" alt=\"Telma Vinha\" style=\"width: 250px;\"><\/td><td style=\"border: none;\">Doutora em educa\u00e7\u00e3o e professora da Faculdade de Educa\u00e7\u00e3o da Unicamp. Coordenadora do Grupo de Estudos \u201c\u00c9tica, Diversidade e Democracia na Escola P\u00fablica\u201d do Instituto de Estudos Avan\u00e7ados da Unicamp e coordenadora associada do \u201cGrupo de Estudos e Pesquisa em Educa\u00e7\u00e3o Moral\u201d, o GEPEM, da&nbsp;Unesp\/Unicamp.<\/td><\/tr><\/tbody><\/table><\/figure>\n\n\n\n<p style=\"font-size:29px\"><strong>16:30h &#8211; Fechamento e premia\u00e7\u00e3o<\/strong><\/p>\n","protected":false},"excerpt":{"rendered":"<p>8:30h &#8211; Abre as portas do Centro de Conven\u00e7\u00f5es da UNICAMP 9:00h &#8211; Recep\u00e7\u00e3o 9:15-9:30h &#8211; Abertura: L\u00edlia de Souza Li 9:30-10:00h &#8211; Palestra de abertura: Um caminho para a paz: transformando culturas escolares &#8211; Alessandra Gaidargi Moderador: L\u00edlia de Souza Li Palestrante: Alessandra Gaidargi Alessandra Gaidargi \u00e9 Professora Doutora, pedagoga, jornalista e qu\u00edmica. Atuante [&hellip;]<\/p>\n","protected":false},"author":1,"featured_media":0,"parent":0,"menu_order":0,"comment_status":"closed","ping_status":"closed","template":"","meta":{"footnotes":""},"class_list":["post-46","page","type-page","status-publish","hentry"],"_links":{"self":[{"href":"https:\/\/neuroedubrasil.com\/2023\/wp-json\/wp\/v2\/pages\/46","targetHints":{"allow":["GET"]}}],"collection":[{"href":"https:\/\/neuroedubrasil.com\/2023\/wp-json\/wp\/v2\/pages"}],"about":[{"href":"https:\/\/neuroedubrasil.com\/2023\/wp-json\/wp\/v2\/types\/page"}],"author":[{"embeddable":true,"href":"https:\/\/neuroedubrasil.com\/2023\/wp-json\/wp\/v2\/users\/1"}],"replies":[{"embeddable":true,"href":"https:\/\/neuroedubrasil.com\/2023\/wp-json\/wp\/v2\/comments?post=46"}],"version-history":[{"count":107,"href":"https:\/\/neuroedubrasil.com\/2023\/wp-json\/wp\/v2\/pages\/46\/revisions"}],"predecessor-version":[{"id":382,"href":"https:\/\/neuroedubrasil.com\/2023\/wp-json\/wp\/v2\/pages\/46\/revisions\/382"}],"wp:attachment":[{"href":"https:\/\/neuroedubrasil.com\/2023\/wp-json\/wp\/v2\/media?parent=46"}],"curies":[{"name":"wp","href":"https:\/\/api.w.org\/{rel}","templated":true}]}}